{"version":"1.0","provider_name":"V\u00e1llalkoz\u00f3 Anyuk\u00e1k","provider_url":"https:\/\/vallalkozoanyukak.cafeblog.hu","author_name":"V\u00e1llalkoz\u00f3 Anyuk\u00e1k","author_url":"https:\/\/vallalkozoanyukak.cafeblog.hu\/author\/vallalkozoanyukakgmail-com\/","title":"Bejegyz\u00e9seim","html":"<p>&nbsp;<\/p>\r\n<p>1. <a href=\"https:\/\/vallalkozoanyukak.cafeblog.hu\/2014\/06\/30\/lehet-e-vallalkozni-anyukakent\/\" target=\"_blank\">Lehet-e v\u00e1llalkozni anyukak\u00e9nt?<\/a><\/p>\r\n<p>2.\u00a0<a href=\"https:\/\/vallalkozoanyukak.cafeblog.hu\/2014\/07\/08\/ugyvezeto-felelossege-2014-marcius-15-tol\/\" target=\"_blank\">\u00dcgyvezet\u0151 felel\u0151ss\u00e9ge 2014. m\u00e1rcius 15-t\u0151l<\/a><\/p>\r\n<p>3. <a href=\"https:\/\/vallalkozoanyukak.cafeblog.hu\/2014\/07\/13\/szamla-vagy-nyugta-1-resz\/\" target=\"_blank\">Sz\u00e1mla vagy nyugta? 1. r\u00e9s<\/a>z<\/p>\r\n<p>4.<a href=\"https:\/\/vallalkozoanyukak.cafeblog.hu\/2014\/07\/21\/szamla-vagy-nyugta-2-resz\/\" target=\"_blank\">\u00a0 Sz\u00e1mla vagy nyugta? 2. r\u00e9sz<\/a><\/p>\r\n<p>5. <a href=\"https:\/\/vallalkozoanyukak.cafeblog.hu\/2014\/07\/22\/szamlazasi-valtozasok-2014-julius-1-tol\/\" target=\"_blank\">Sz\u00e1ml\u00e1z\u00e1si v\u00e1ltoz\u00e1sok 2014. j\u00falius 1-t\u0151l<\/a><\/p>\r\n<p>6. <a href=\"https:\/\/vallalkozoanyukak.cafeblog.hu\/2014\/08\/10\/ekho-azaz-egyszerusitett-kozteherviselesi-hozzajarulas-1-resz\/\" target=\"_blank\">Ekho 1. r\u00e9sz<\/a><\/p>\r\n<p>7. <a href=\"https:\/\/vallalkozoanyukak.cafeblog.hu\/2014\/09\/18\/29\/\" target=\"_blank\">Ekho 2. r\u00e9sz<\/a><\/p>\r\n<p>8. <a href=\"https:\/\/vallalkozoanyukak.cafeblog.hu\/2014\/09\/20\/osszefoglalo-ekho\/\" target=\"_blank\">Ekho \u00a0\u00f6sszefoglal\u00f3<\/a><\/p>\r\n<p>9. <a href=\"https:\/\/vallalkozoanyukak.cafeblog.hu\/2014\/10\/21\/pelda-jovedelemadozas\/\" target=\"_blank\">P\u00e9lda (j\u00f6vedelemad\u00f3z\u00e1s)<\/a><\/p>\r\n<p>10. <a href=\"https:\/\/vallalkozoanyukak.cafeblog.hu\/2014\/10\/25\/adozasi-alapfogalmak\/\" target=\"_blank\">Ad\u00f3z\u00e1si alapfogalmak<\/a><\/p>\r\n<p>11. <a href=\"https:\/\/vallalkozoanyukak.cafeblog.hu\/2014\/10\/30\/ceges-gepjarmuvek-es-a-hozzajuk-kapcsolodo-adok-es-illetekek\/\" target=\"_blank\">C\u00e9ges g\u00e9pj\u00e1rm\u0171vek \u00e9s a hozz\u00e1juk kapcsol\u00f3d\u00f3 ad\u00f3k \u00e9s illet\u00e9kek<\/a><\/p>\r\n<p>12. <a href=\"https:\/\/vallalkozoanyukak.cafeblog.hu\/2014\/11\/01\/cegautoado\/\" target=\"_blank\">C\u00e9gaut\u00f3ad\u00f3<\/a><\/p>\r\n<p>13.<a href=\"https:\/\/vallalkozoanyukak.cafeblog.hu\/2014\/11\/07\/belfoldi-gepjarmuvek-adoja\/\" target=\"_blank\"> Belf\u00f6ldi g\u00e9pj\u00e1rm\u0171vek ad\u00f3ja<\/a><\/p>\r\n<p>14. <a href=\"https:\/\/vallalkozoanyukak.cafeblog.hu\/2014\/11\/11\/osszefoglalo-cegautoadogepjarmuado\/\" target=\"_blank\">\u00d6sszefoglal\u00f3: c\u00e9gaut\u00f3ad\u00f3 + g\u00e9pj\u00e1rm\u0171ad\u00f3<\/a><\/p>\r\n<p>15. <a href=\"https:\/\/vallalkozoanyukak.cafeblog.hu\/2014\/11\/23\/pelda-cegautoado-es-gepjarmuado\/\" target=\"_blank\">P\u00e9lda (c\u00e9gaut\u00f3ad\u00f3 \u00e9s g\u00e9pj\u00e1rm\u0171ad\u00f3)<\/a><\/p>\r\n<p>16. <a href=\"https:\/\/vallalkozoanyukak.cafeblog.hu\/2014\/11\/29\/7-tipp-az-anyasag-es-a-sajat-vallalkozas-osszehangolasara\/\" target=\"_blank\">7 Tipp az anyas\u00e1g \u00e9s a saj\u00e1t v\u00e1llalkoz\u00e1s \u00f6sszehangol\u00e1s\u00e1ra<\/a><\/p>\r\n<p>17. <a href=\"https:\/\/vallalkozoanyukak.cafeblog.hu\/2014\/12\/09\/gepjarmu-szerzesenek-illetekkotelezettsege\/\" target=\"_blank\">G\u00e9pj\u00e1rm\u0171 szerz\u00e9s\u00e9nek illet\u00e9kk\u00f6telezetts\u00e9ge<\/a><\/p>\r\n<p>18. <a href=\"https:\/\/vallalkozoanyukak.cafeblog.hu\/2014\/12\/19\/a-szemelygepkocsi-es-az-afa\/\" target=\"_blank\">A szem\u00e9lyg\u00e9pkocsi \u00e9s az \u00e1fa<\/a><\/p>\r\n<p>19. <a href=\"https:\/\/vallalkozoanyukak.cafeblog.hu\/2015\/01\/10\/helyi-adok\/\" target=\"_blank\">Helyi ad\u00f3k<\/a><\/p>\r\n<p>20. <a href=\"https:\/\/vallalkozoanyukak.cafeblog.hu\/2015\/01\/12\/2015-januar-havi-adonaptar\/\" target=\"_blank\">2015. janu\u00e1r havi ad\u00f3napt\u00e1r<\/a>\u00a0<\/p>\r\n<p>21. <a href=\"https:\/\/vallalkozoanyukak.cafeblog.hu\/2015\/01\/19\/vallalkozasok-alakulasa-2013-2014\/\" target=\"_blank\">V\u00e1llalkoz\u00e1sok alakul\u00e1sa<\/a><\/p>\r\n<p>22. <a href=\"https:\/\/vallalkozoanyukak.cafeblog.hu\/2015\/01\/23\/epitmenyado-telekado\/\" target=\"_blank\">\u00c9p\u00edtm\u00e9nyad\u00f3, telekad\u00f3<\/a><\/p>\r\n<p>\u00a023. <a href=\"https:\/\/vallalkozoanyukak.cafeblog.hu\/2015\/01\/28\/senki-sem-mondta-hogy-konnyu-lesz\/\" target=\"_blank\">Senki sem mondta, hogy k\u00f6nny\u0171 lesz<\/a><\/p>\r\n<p>24. <a href=\"https:\/\/vallalkozoanyukak.cafeblog.hu\/2015\/01\/31\/2015-februar-havi-adonaptar\/\" target=\"_blank\">2015. febru\u00e1r havi ad\u00f3napt\u00e1r<\/a><\/p>\r\n<p>25. <a href=\"https:\/\/vallalkozoanyukak.cafeblog.hu\/2015\/02\/05\/szamlakibocsatassal-kapcsolatos-valtozasok-2015-januar-1-tol\/\" target=\"_blank\">Sz\u00e1mlakibocs\u00e1t\u00e1ssal kapcsolatos v\u00e1ltoz\u00e1sok 2015. janu\u00e1r 1-t\u0151l<\/a><\/p>\r\n<p>26. <a href=\"https:\/\/vallalkozoanyukak.cafeblog.hu\/2015\/02\/10\/cegautoado-valtozasok-2015-januar-1-tol\/\" target=\"_blank\">C\u00e9gaut\u00f3ad\u00f3 v\u00e1ltoz\u00e1sok 2015. janu\u00e1r 1-t\u0151l<\/a><\/p>\r\n<p>27. <a href=\"https:\/\/vallalkozoanyukak.cafeblog.hu\/2015\/02\/15\/bernadett-sikertortenete\/\" target=\"_blank\">Bernadett sikert\u00f6rt\u00e9nete<\/a><\/p>\r\n<p>28.<a href=\"https:\/\/vallalkozoanyukak.cafeblog.hu\/2015\/02\/17\/magyarorszag-adojogrendszerenek-jellemzoi\/\" target=\"_blank\"> Magyarorsz\u00e1g ad\u00f3jogrendszer\u00e9nek jellemz\u0151i<\/a><\/p>\r\n<p>29. <a href=\"https:\/\/vallalkozoanyukak.cafeblog.hu\/2015\/02\/21\/helyi-iparuzesi-ado\/\" target=\"_blank\">Helyi ipar\u0171z\u00e9si ad\u00f3<\/a><\/p>\r\n<p>30. <a href=\"https:\/\/vallalkozoanyukak.cafeblog.hu\/2015\/02\/25\/7-idezet-az-utkereseshez\/\" target=\"_blank\">7 id\u00e9zet az \u00fatkeres\u00e9shez<\/a><\/p>\r\n<p>31. <a href=\"https:\/\/vallalkozoanyukak.cafeblog.hu\/2015\/03\/01\/2015-marcius-havi-adonaptar\/\" target=\"_blank\">2015. m\u00e1rcius havi ad\u00f3napt\u00e1r<\/a><\/p>\r\n<p>32. <a href=\"https:\/\/vallalkozoanyukak.cafeblog.hu\/2015\/03\/03\/mi-az-a-paypal\/\" target=\"_blank\">Mi az a PayPal?<\/a><\/p>\r\n<p>33. <a href=\"https:\/\/vallalkozoanyukak.cafeblog.hu\/2015\/03\/05\/adotervezes-mert-mindent-meg-kell-tervezni\/\" target=\"_blank\">Ad\u00f3tervez\u00e9s, mert mindent meg kell tervezni<\/a><\/p>\r\n<p>34. <a href=\"https:\/\/vallalkozoanyukak.cafeblog.hu\/2015\/03\/07\/2015-marcius-15\/\" target=\"_blank\">2015. m\u00e1rcius 15.<\/a><\/p>\r\n<p>35. <a href=\"https:\/\/vallalkozoanyukak.cafeblog.hu\/2015\/03\/09\/7-idezet-a-pozitiv-gondolkodasrol\/\" target=\"_blank\">7 id\u00e9zet a pozit\u00edv gondolkod\u00e1sr\u00f3l<\/a><\/p>\r\n<p>36. <a href=\"https:\/\/vallalkozoanyukak.cafeblog.hu\/2015\/03\/11\/368\/\" target=\"_blank\">Ad\u00f3z\u00e1si strat\u00e9gi\u00e1k<\/a><\/p>\r\n<p>37.<a href=\"https:\/\/vallalkozoanyukak.cafeblog.hu\/2015\/03\/13\/15-pontban-a-sikeres-emberekrol\/\" target=\"_blank\"> 15 pontban a sikeres emberekr\u0151l<\/a><\/p>\r\n<p>38. <a href=\"https:\/\/vallalkozoanyukak.cafeblog.hu\/2015\/03\/15\/7-idezet-a-hitrol\/\" target=\"_blank\">7 id\u00e9zet a hitr\u0151l<\/a><\/p>\r\n<p>39. <a href=\"https:\/\/vallalkozoanyukak.cafeblog.hu\/2015\/03\/17\/szemfenyvesztok-e-a-szemleletfejlesztok\/\" target=\"_blank\">Szemf\u00e9nyveszt\u0151k-e a szeml\u00e9letfejleszt\u0151k<\/a><\/p>\r\n<p>40. <a href=\"https:\/\/vallalkozoanyukak.cafeblog.hu\/2015\/03\/19\/cili-sikertortenete\/\" target=\"_blank\">Cili sikert\u00f6rt\u00e9nete<\/a><\/p>\r\n<p>41. <a href=\"https:\/\/vallalkozoanyukak.cafeblog.hu\/2015\/03\/21\/helyi-adok-pelda\/\" target=\"_blank\">Helyi ad\u00f3k - p\u00e9ld\u00e1k<\/a><\/p>\r\n<p>42. <a href=\"https:\/\/vallalkozoanyukak.cafeblog.hu\/2015\/03\/23\/7-idezet-az-elet-nehezsege-kapcsan\/\" target=\"_blank\">7 id\u00e9zet az \u00e9let neh\u00e9zs\u00e9geir\u0151l<\/a><\/p>\r\n<p>43.<a href=\"https:\/\/vallalkozoanyukak.cafeblog.hu\/2015\/03\/25\/15-pontban-a-sikertelensegrol\/\" target=\"_blank\"> 15 pontban a sikertelens\u00e9gr\u0151l<\/a><\/p>\r\n<p>44. <a href=\"https:\/\/vallalkozoanyukak.cafeblog.hu\/2015\/03\/27\/adojogszabalyok-felepitese\/\" target=\"_blank\">Ad\u00f3jogszab\u00e1lyok fel\u00e9p\u00edt\u00e9se<\/a><\/p>\r\n<p>45. <a href=\"https:\/\/vallalkozoanyukak.cafeblog.hu\/2015\/03\/29\/7-idezet-a-sikerrol\/\" target=\"_blank\">7 id\u00e9zet a sikerr\u0151l<\/a><\/p>\r\n<p>46. <a href=\"https:\/\/vallalkozoanyukak.cafeblog.hu\/2015\/03\/31\/2015-aprilisi-adonaptar\/\" target=\"_blank\">2015. \u00e1prilis havi ad\u00f3napt\u00e1r<\/a><\/p>\r\n<p>47. <a href=\"https:\/\/vallalkozoanyukak.cafeblog.hu\/2015\/04\/05\/7-idezet-onmagunkrol-onbecsulesrol\/\" target=\"_blank\">7 id\u00e9zet \u00f6nmagunkr\u00f3l, \u00f6nbecs\u00fcl\u00e9sr\u0151l<\/a><\/p>\r\n<p>48. <a href=\"https:\/\/vallalkozoanyukak.cafeblog.hu\/2015\/04\/08\/viszlat-tgyas\/\" target=\"_blank\">Viszl\u00e1t TGY\u00c1S!<\/a><\/p>\r\n<p>49. <a href=\"https:\/\/vallalkozoanyukak.cafeblog.hu\/2015\/04\/12\/7-idezet-a-kitartasrol\/\" target=\"_blank\">7 id\u00e9zet a kitart\u00e1sr\u00f3l<\/a><\/p>\r\n<p>50. <a href=\"https:\/\/vallalkozoanyukak.cafeblog.hu\/2015\/04\/15\/francia-sikertortenet\/\" target=\"_blank\">Francia sikert\u00f6rt\u00e9netek<\/a><\/p>\r\n<p>51. <a href=\"https:\/\/vallalkozoanyukak.cafeblog.hu\/2015\/04\/19\/ismered-katat\/\" target=\"_blank\">Ismered Kat\u00e1t?<\/a><\/p>\r\n<p>52. <a href=\"https:\/\/vallalkozoanyukak.cafeblog.hu\/2015\/04\/22\/7-idezet-csak-ugy\/\" target=\"_blank\">7 id\u00e9zet csak \u00fagy ...<\/a><\/p>\r\n<p>53. <a href=\"https:\/\/vallalkozoanyukak.cafeblog.hu\/2015\/04\/24\/szilvi-sikertortenete\/\" target=\"_blank\">Szilvi sikert\u00f6rt\u00e9nete<\/a><\/p>\r\n<p>54. <a href=\"https:\/\/vallalkozoanyukak.cafeblog.hu\/2015\/04\/29\/2015-majus-havi-adonaptar\/\" target=\"_blank\">2015. m\u00e1jus havi ad\u00f3napt\u00e1r<\/a><\/p>\r\n<p>55. <a href=\"https:\/\/vallalkozoanyukak.cafeblog.hu\/2015\/05\/02\/7-idezet-itelkezes-helyett\/\" target=\"_blank\">7 id\u00e9zet \u00edt\u00e9lkez\u00e9s helyett<\/a><\/p>\r\n<p>56. <a href=\"https:\/\/vallalkozoanyukak.cafeblog.hu\/2015\/05\/07\/mire-szolgal-a-merleg\/\" target=\"_blank\">Mire szolg\u00e1l a m\u00e9rleg?<\/a><\/p>\r\n<p>57. <a href=\"https:\/\/vallalkozoanyukak.cafeblog.hu\/2015\/05\/13\/7-idezet-az-emberi-kapcsolatokrol\/\" target=\"_blank\">7 id\u00e9zet az emberi kapcsolatokr\u00f3l<\/a><\/p>\r\n<p>58. <a href=\"https:\/\/vallalkozoanyukak.cafeblog.hu\/2015\/05\/14\/te-is-atertekeled\/\" target=\"_blank\">Te is \u00c1t\u00e9rt\u00e9keled?<\/a><\/p>\r\n<p>59. <a href=\"https:\/\/vallalkozoanyukak.cafeblog.hu\/2015\/05\/18\/ekho-valtozas-2015\/\" target=\"_blank\">EKHO v\u00e1ltoz\u00e1s 2015.<\/a><\/p>\r\n<p>60. <a href=\"https:\/\/vallalkozoanyukak.cafeblog.hu\/2015\/05\/20\/15-uzleti-tipp-2\/\" target=\"_blank\">15 \u00fczleti tipp<\/a><\/p>\r\n<p>61. <a href=\"https:\/\/vallalkozoanyukak.cafeblog.hu\/2015\/05\/24\/7-idezet-a-turelemrol\/\" target=\"_blank\">7 id\u00e9zet a t\u00fcrelemr\u0151l<\/a><\/p>\r\n<p>62. <a href=\"https:\/\/vallalkozoanyukak.cafeblog.hu\/2015\/05\/27\/az-egyeni-vallalkozo-es-a-tb\/\" target=\"_blank\">Az egy\u00e9ni v\u00e1llalkoz\u00f3 \u00e9s a TB<\/a><\/p>\r\n<p>63. <a href=\"https:\/\/vallalkozoanyukak.cafeblog.hu\/2015\/05\/29\/tudtad-e-hogy\/\" target=\"_blank\">Tudtad-e, hogy ... (EVA)?<\/a><\/p>\r\n<p>64. <a href=\"https:\/\/vallalkozoanyukak.cafeblog.hu\/2015\/06\/01\/2015-junius-havi-adonaptar\/\" target=\"_blank\">2015. j\u00faniusi ad\u00f3napt\u00e1r<\/a><\/p>\r\n<p>65. <a href=\"https:\/\/vallalkozoanyukak.cafeblog.hu\/2015\/06\/05\/tudtad-e-hogy-2\/\" target=\"_blank\">Tudtad-e, hogy ...<\/a><\/p>\r\n<p>66. <a href=\"https:\/\/vallalkozoanyukak.cafeblog.hu\/2015\/06\/09\/a-mesek-varazsaban\/\" target=\"_blank\">A mes\u00e9k var\u00e1zs\u00e1ban ...<\/a><\/p>\r\n<p>67. <a href=\"https:\/\/vallalkozoanyukak.cafeblog.hu\/2015\/06\/13\/foallasu-egyeni-vallalkozo-jarulekai\/\" target=\"_blank\">F\u0151\u00e1ll\u00e1s\u00fa egy\u00e9ni v\u00e1llalkoz\u00f3 j\u00e1rul\u00e9kai<\/a><\/p>\r\n<p>68. <a href=\"https:\/\/vallalkozoanyukak.cafeblog.hu\/2015\/06\/16\/a-kis-vereb-gondolatai\/\" target=\"_blank\">A kis ver\u00e9b gondolatai a sikerr\u0151l<\/a><\/p>\r\n<p>69. <a href=\"https:\/\/vallalkozoanyukak.cafeblog.hu\/2015\/06\/21\/7-idezet-a-felelelmrol\/\" target=\"_blank\">7 id\u00e9zet a f\u00e9lelemr\u0151l<\/a><\/p>\r\n<p>70. <a href=\"https:\/\/vallalkozoanyukak.cafeblog.hu\/2015\/06\/26\/kata-s-eva-s-fev-jarulekai\/\" target=\"_blank\">KATA-s, EVA-s FEV j\u00e1rul\u00e9kai<\/a><\/p>\r\n<p>71. <a href=\"https:\/\/vallalkozoanyukak.cafeblog.hu\/2015\/07\/01\/melyik-eri-meg-osszehasonlito-tablazat\/\" target=\"_blank\">Melyiket \u00e9ri meg v\u00e1lasztani? - \u00f6sszehasonl\u00edt\u00f3 t\u00e1bl\u00e1zat<\/a><\/p>\r\n<p>72. <a href=\"https:\/\/vallalkozoanyukak.cafeblog.hu\/2015\/07\/04\/tudtad-e-hogy-a-haztartasi-munka-utan-nem-kell-adozni\/\" target=\"_blank\">Tudtad-e, hogy a h\u00e1ztart\u00e1si munka ut\u00e1n nem kell ad\u00f3zni?<\/a><\/p>\r\n<p>73. <a href=\"https:\/\/vallalkozoanyukak.cafeblog.hu\/2015\/07\/07\/7-mondat-amit-utalok\/\" target=\"_blank\">7 mondat, amit ut\u00e1lok<\/a><\/p>\r\n<p>74. <a href=\"https:\/\/vallalkozoanyukak.cafeblog.hu\/2015\/07\/09\/2015-juliusi-adonaptar\/\" target=\"_blank\">2015. j\u00faliusi ad\u00f3napt\u00e1r<\/a><\/p>\r\n<p>75. <a href=\"https:\/\/vallalkozoanyukak.cafeblog.hu\/2015\/07\/12\/milyen-gyakran-kell-az-afa-bevallast-elkesziteni\/\" target=\"_blank\">Milyen gyakran kell az \u00c1FA bevall\u00e1st elk\u00e9sz\u00edteni?<\/a><\/p>\r\n<p>76. <a href=\"https:\/\/vallalkozoanyukak.cafeblog.hu\/2015\/07\/16\/7-idezet-az-elet-ertelmerol\/\" target=\"_blank\">7 id\u00e9zet az \u00e9let \u00e9rtelm\u00e9r\u0151l<\/a><\/p>\r\n<p>77. <a href=\"https:\/\/vallalkozoanyukak.cafeblog.hu\/2015\/07\/23\/az-alanyi-adomentessegrol\/\" target=\"_blank\">Az alanyi ad\u00f3mentess\u00e9gr\u0151l<\/a><\/p>\r\n<p>78. <a href=\"https:\/\/vallalkozoanyukak.cafeblog.hu\/2015\/07\/30\/7-idezet-a-cel-kituzesenek-fontossagarol\/\" target=\"_blank\">7 id\u00e9zet a c\u00e9l kit\u0171z\u00e9s\u00e9nek fontoss\u00e1g\u00e1r\u00f3l<\/a><\/p>\r\n<p>79. <a href=\"https:\/\/vallalkozoanyukak.cafeblog.hu\/2015\/08\/04\/amit-a-tavolrol-is-nyujthato-szolgaltatasokrol-tudni-erdemes\/\" target=\"_blank\">Amit a t\u00e1volr\u00f3l is ny\u00fajthat\u00f3 szolg\u00e1ltat\u00e1sokr\u00f3l tudni \u00e9rdemes<\/a>\u00a0<\/p>\r\n<p>80. <a href=\"https:\/\/vallalkozoanyukak.cafeblog.hu\/2015\/08\/13\/sikerrecept\/\" target=\"_blank\">Sikerrecept<\/a><\/p>\r\n<p>81. <a href=\"https:\/\/vallalkozoanyukak.cafeblog.hu\/2015\/08\/17\/szerencsejatek-es-az-szja-kapcsolata\/\" target=\"_blank\">Szerencsej\u00e1t\u00e9k \u00e9s az SZJA kapcsolata<\/a><\/p>\r\n<p>82. <a href=\"https:\/\/vallalkozoanyukak.cafeblog.hu\/2015\/08\/22\/adoszam-vagy-adoazonosito-jel\/\" target=\"_blank\">Ad\u00f3sz\u00e1m vagy ad\u00f3azonos\u00edt\u00f3 jel?<\/a><\/p>\r\n<p>83. \u00a0<a href=\"https:\/\/vallalkozoanyukak.cafeblog.hu\/2015\/08\/26\/7-idezet-a-tehetsegrol\/\" target=\"_blank\">7 id\u00e9zet a tehets\u00e9gr\u0151l<\/a><\/p>\r\n<p>84. <a href=\"https:\/\/vallalkozoanyukak.cafeblog.hu\/2015\/08\/27\/a-konyveles-egy-szukseges-rossz\/\" target=\"_blank\">A k\u00f6nyvel\u00e9s egy sz\u00fcks\u00e9ges rossz?<\/a><\/p>\r\n<p>85. <a href=\"https:\/\/vallalkozoanyukak.cafeblog.hu\/2015\/09\/01\/az-adoszam-felfuggesztese-torlese\/\" target=\"_blank\">Az ad\u00f3sz\u00e1m felf\u00fcggeszt\u00e9se, t\u00f6rl\u00e9se<\/a><\/p>\r\n<p>86. <a href=\"https:\/\/vallalkozoanyukak.cafeblog.hu\/2015\/09\/06\/aruminta-es-a-hozza-kapcsolodo-adofizetesi-kotelezettsegek\/\" target=\"_blank\">\u00c1ruminta \u00e9s a hozz\u00e1 kapcsol\u00f3d\u00f3 ad\u00f3fizet\u00e9si k\u00f6telezetts\u00e9gek<\/a><\/p>\r\n<p>87. <a href=\"https:\/\/vallalkozoanyukak.cafeblog.hu\/2015\/09\/11\/az-adobevallasrol-roviden-kie-a-felelosseg\/\" target=\"_blank\">Az ad\u00f3bevall\u00e1sr\u00f3l r\u00f6viden (ki\u00e9 a felel\u0151ss\u00e9g)<\/a><\/p>\r\n<p>88. <a href=\"https:\/\/vallalkozoanyukak.cafeblog.hu\/2015\/09\/15\/7-bolcsesseg-wass-albert-tollabol-emberek\/\" target=\"_blank\">7 b\u00f6lcsess\u00e9g Wass Albert toll\u00e1b\u00f3l (emberek)<\/a><\/p>\r\n<p>89. <a href=\"https:\/\/vallalkozoanyukak.cafeblog.hu\/2015\/09\/19\/mindig-voltak-akik-megmondtak-milyennek-kell-lennunk\/\" target=\"_blank\">Mindig voltak, akik megmondt\u00e1k milyennek kell lenn\u00fcnk<\/a><\/p>\r\n<p>90. <a href=\"https:\/\/vallalkozoanyukak.cafeblog.hu\/2015\/09\/25\/birsag-vagy-potlek-mikor-melyiket\/\" target=\"_blank\">B\u00edrs\u00e1g vagy p\u00f3tl\u00e9k? Mikor melyiket?<\/a><\/p>\r\n<p>91. <a href=\"https:\/\/vallalkozoanyukak.cafeblog.hu\/2015\/09\/26\/adozoi-forum\/\" target=\"_blank\">Ad\u00f3z\u00f3i f\u00f3rum<\/a><\/p>\r\n<p>92. <a href=\"https:\/\/vallalkozoanyukak.cafeblog.hu\/2015\/09\/30\/az-adoellenor-jogai-es-kotelezettsegei\/\" target=\"_blank\">Ha j\u00f6n az ad\u00f3ellen\u0151r ...<\/a><\/p>\r\n<p>93. <a href=\"https:\/\/vallalkozoanyukak.cafeblog.hu\/2015\/10\/05\/ki-mit-valaszthat\/\" target=\"_blank\">Ki mit v\u00e1laszthat?<\/a><\/p>\r\n<p>94. <a href=\"https:\/\/vallalkozoanyukak.cafeblog.hu\/2015\/10\/09\/jogorvoslatok\/\" target=\"_blank\">Jogorvoslatok ...<\/a><\/p>\r\n<p>95. <a href=\"https:\/\/vallalkozoanyukak.cafeblog.hu\/2015\/10\/14\/a-szocialis-hozzajarulasi-adorol-szocho\/\" target=\"_blank\">A szoci\u00e1lis hozz\u00e1j\u00e1rul\u00e1si ad\u00f3r\u00f3l<\/a><\/p>\r\n<p>96. <a href=\"https:\/\/vallalkozoanyukak.cafeblog.hu\/2015\/10\/19\/szocho-kedvezmenyek\/\" target=\"_blank\">Szocho kedvezm\u00e9nyek<\/a><\/p>\r\n<p>97. <a href=\"https:\/\/vallalkozoanyukak.cafeblog.hu\/2015\/10\/24\/szakkepzesi-hozzajarulasi-kedvezmenyek\/\" target=\"_blank\">Szakk\u00e9pz\u00e9si hozz\u00e1j\u00e1rul\u00e1s kedvezm\u00e9nyek<\/a><\/p>\r\n<p><a href=\"https:\/\/vallalkozoanyukak.cafeblog.hu\/2015\/10\/29\/dalai-lama-gondolatai-az-elet-celjarol\/\" target=\"_blank\">98. \u0150szents\u00e9ge a Dalai L\u00e1ma gondolatai az \u00e9let c\u00e9lj\u00e1r\u00f3l<\/a><\/p>\r\n<p><a href=\"https:\/\/vallalkozoanyukak.cafeblog.hu\/2015\/10\/29\/dalai-lama-gondolatai-az-elet-celjarol\/\" target=\"_blank\">99. K\u00e9pz\u00e9sek \u00e9s a hozz\u00e1juk kapcsol\u00f3d\u00f3 k\u00f6zterhek<\/a><\/p>\r\n<p>100. <a href=\"https:\/\/vallalkozoanyukak.cafeblog.hu\/2015\/11\/09\/adomentes-bevetelek\/\" target=\"_blank\">Ad\u00f3mentes bev\u00e9telek<\/a><\/p>\r\n<p>101. <a href=\"https:\/\/vallalkozoanyukak.cafeblog.hu\/2015\/11\/14\/tudtad-e-hogy-3\/\" target=\"_blank\">Tudtad-e, hogy ... (SZJA)<\/a><\/p>\r\n<p>102. <a href=\"https:\/\/vallalkozoanyukak.cafeblog.hu\/2016\/08\/09\/tenyleg-egyszeru-az-egyszerusitett-foglalkoztatas\/\" target=\"_blank\">T\u00e9nyleg egyszer\u0171 az egyszer\u0171s\u00edtett foglalkoztat\u00e1s?<\/a><\/p>\r\n<p>103. <a href=\"https:\/\/vallalkozoanyukak.cafeblog.hu\/2016\/08\/29\/bevallas-150-szoban\/\" target=\"_blank\">Bevall\u00e1s 150 sz\u00f3ban<\/a><\/p>\r\n<p>&nbsp;<\/p>\r\n<p>&nbsp;<\/p>\r\n<p>&nbsp;<\/p>\r\n<p>&nbsp;<\/p>\r\n<p>&nbsp;<\/p>\r\n<p>&nbsp;<\/p>\r\n<p>&nbsp;<\/p>\r\n<p>&nbsp;<\/p>\r\n<p>&nbsp;<\/p>\r\n<p>&nbsp;<\/p>\r\n<p>&nbsp;<\/p>","type":"rich"}